{"id":482,"date":"2019-08-23T16:12:34","date_gmt":"2019-08-23T14:12:34","guid":{"rendered":"https:\/\/www.uwe-johannsen.de\/wp1\/?page_id=482"},"modified":"2019-08-31T20:26:41","modified_gmt":"2019-08-31T18:26:41","slug":"datenschutz","status":"publish","type":"page","link":"https:\/\/www.uwe-johannsen.de\/wp1\/datenschutz\/","title":{"rendered":"datenschutzerkl\u00e4rung"},"content":{"rendered":"\t\t<div data-elementor-type=\"wp-post\" data-elementor-id=\"482\" class=\"elementor elementor-482\">\n\t\t\t\t\t\t<section class=\"elementor-section elementor-top-section elementor-element elementor-element-9cf3459 elementor-section-boxed elementor-section-height-default elementor-section-height-default\" data-id=\"9cf3459\" data-element_type=\"section\">\n\t\t\t\t\t\t<div class=\"elementor-container elementor-column-gap-default\">\n\t\t\t\t\t<div class=\"elementor-column elementor-col-100 elementor-top-column elementor-element elementor-element-474bf68\" data-id=\"474bf68\" data-element_type=\"column\">\n\t\t\t<div class=\"elementor-widget-wrap elementor-element-populated\">\n\t\t\t\t\t\t<div class=\"elementor-element elementor-element-f6fbf05 elementor-widget elementor-widget-heading\" data-id=\"f6fbf05\" data-element_type=\"widget\" data-widget_type=\"heading.default\">\n\t\t\t\t<div class=\"elementor-widget-container\">\n\t\t\t\t\t<h1 class=\"elementor-heading-title elementor-size-large\">datenschutz<\/h1>\t\t\t\t<\/div>\n\t\t\t\t<\/div>\n\t\t\t\t\t<\/div>\n\t\t<\/div>\n\t\t\t\t\t<\/div>\n\t\t<\/section>\n\t\t\t\t<section class=\"elementor-section elementor-top-section elementor-element elementor-element-99160e2 elementor-section-boxed elementor-section-height-default elementor-section-height-default\" data-id=\"99160e2\" data-element_type=\"section\">\n\t\t\t\t\t\t<div class=\"elementor-container elementor-column-gap-default\">\n\t\t\t\t\t<div class=\"elementor-column elementor-col-100 elementor-top-column elementor-element elementor-element-a44ef1e\" data-id=\"a44ef1e\" data-element_type=\"column\">\n\t\t\t<div class=\"elementor-widget-wrap elementor-element-populated\">\n\t\t\t\t\t\t<div class=\"elementor-element elementor-element-8757697 elementor-widget elementor-widget-text-editor\" data-id=\"8757697\" data-element_type=\"widget\" data-widget_type=\"text-editor.default\">\n\t\t\t\t<div class=\"elementor-widget-container\">\n\t\t\t\t\t\t\t\t\t<div>\n<div>willkommen bei den datenschutzbestimmungen, die uns per DSGVO von der EU-diktatur aufgezwungen werden, und in unserem land so viel arbeitszeit, geld und produktivit\u00e4t vernichten, wie kaum eine andere bisherige EU-bestimmung. danke liebes zentralkomitee in br\u00fcssel.<\/div>\n<div>ich gehe davon aus, dass gesunde, klar denkende menschen, sich kaum auf diesen bereich der website verirren, sondern vorwiegend parasit\u00e4re abmahnanw\u00e4lte und vereine, sowie mitarbeiter von aufsichtsbeh\u00f6rden, die von unseren steuergeldern leben und uns vorschreiben, was wir zu tun und zu lassen haben.<\/div>\n<div>&nbsp;<\/div>\n<div>\n<div>sollten sie nicht zur oben genannten gruppe geh\u00f6ren und trotzdem bis hierhin weitergelesen haben, hier die wesentlichen infos:<\/div>\n<div>nach bestem wissen und gewissen hab ich die website so erstellt, dass von besuchern der website keine pers\u00f6nlichen daten erhoben werden (ausser den unvermeidlichen server-log-dateien, damit sie die seite aufrufen k\u00f6nnen). ich verwende keine tracking- oder analysetools, keine kontaktformulare, keine dauerhaften cookies, keine dienstleistungen von google u.\u00e4., auch keine google fonts, keine social media plug ins, usw.<\/div>\n<div>da ich ein CMS nutze, welches sich automatisch updatet (um z.b. sicherheitsl\u00fccken zu schliessen), kann ich aber nicht garantieren, dass in meiner abwesenheit irgendein auto-update irgendeine funktion aktiviert oder installiert, die laut DSGVO b\u00f6se ist. sollten sie sowas bemerken, schreiben sie mir einfach eine nette <a href=\"https:\/\/www.uwe-johannsen.de\/wp1\/impressum\/\">mail<\/a>. am besten ohne abmahnung. ich bin ein friedlicher und kooperativer mensch, der weder an ihren daten noch an deren missbrauch irgendein interesse hat.<\/div>\n<div>&nbsp;<\/div>\n<div>so, jetzt der text f\u00fcr die anderen:<\/div>\n<\/div>\n<\/div>\t\t\t\t\t\t\t\t<\/div>\n\t\t\t\t<\/div>\n\t\t\t\t\t<\/div>\n\t\t<\/div>\n\t\t\t\t\t<\/div>\n\t\t<\/section>\n\t\t\t\t<section class=\"elementor-section elementor-top-section elementor-element elementor-element-16ddc26 elementor-section-stretched elementor-section-boxed elementor-section-height-default elementor-section-height-default\" data-id=\"16ddc26\" data-element_type=\"section\" data-settings=\"{&quot;stretch_section&quot;:&quot;section-stretched&quot;,&quot;background_background&quot;:&quot;classic&quot;}\">\n\t\t\t\t\t\t<div class=\"elementor-container elementor-column-gap-default\">\n\t\t\t\t\t<div class=\"elementor-column elementor-col-100 elementor-top-column elementor-element elementor-element-c29d134\" data-id=\"c29d134\" data-element_type=\"column\">\n\t\t\t<div class=\"elementor-widget-wrap elementor-element-populated\">\n\t\t\t\t\t\t<div class=\"elementor-element elementor-element-56120b0 elementor-widget elementor-widget-text-editor\" data-id=\"56120b0\" data-element_type=\"widget\" data-widget_type=\"text-editor.default\">\n\t\t\t\t<div class=\"elementor-widget-container\">\n\t\t\t\t\t\t\t\t\t<h2>Datenschutzerkl\u00e4rung<\/h2>\n<h4>1. Datenschutz auf einen Blick<\/h4>\n<p><b>Allgemeine Hinweise<\/b><\/p>\n<p>Die folgenden Hinweise geben einen einfachen \u00dcberblick dar\u00fcber, was mit Ihren personenbezogenen Daten&nbsp;<span style=\"word-spacing: normal;\">passiert, wenn Sie diese Website besuchen. Personenbezogene Daten sind alle Daten, mit denen Sie&nbsp;<\/span><span style=\"word-spacing: normal;\">pers\u00f6nlich identifiziert werden k\u00f6nnen. Ausf\u00fchrliche Informationen zum Thema Datenschutz entnehmen&nbsp;<\/span><span style=\"word-spacing: normal;\">Sie unserer unter diesem Text aufgef\u00fchrten Datenschutzerkl\u00e4rung.<\/span><\/p>\n<p><b>Datenerfassung auf dieser Website<\/b><\/p>\n<p>Wer ist verantwortlich f\u00fcr die Datenerfassung auf dieser Website?<\/p>\n<p>Die Datenverarbeitung auf dieser Website erfolgt durch den Websitebetreiber. Dessen Kontaktdaten&nbsp;<span style=\"word-spacing: normal;\">k\u00f6nnen Sie dem Impressum dieser Website entnehmen.<\/span><\/p>\n<p>Wie erfassen wir Ihre Daten?<\/p>\n<p>Ihre Daten werden zum einen dadurch erhoben, dass Sie uns diese mitteilen. Hierbei kann es sich z. B. um&nbsp;<span style=\"word-spacing: normal;\">Daten handeln, die Sie in ein Kontaktformular eingeben.<br><\/span><span style=\"word-spacing: normal;\">Andere Daten werden automatisch beim Besuch der Website durch unsere IT-Systeme erfasst. Das sind vor&nbsp;<\/span><span style=\"word-spacing: normal;\">allem technische Daten (z. B. Internetbrowser, Betriebssystem oder Uhrzeit des Seitenaufrufs). Die&nbsp;<\/span><span style=\"word-spacing: normal;\">Erfassung dieser Daten erfolgt automatisch, sobald Sie diese Website betreten.<\/span><\/p>\n<p>Wof\u00fcr nutzen wir Ihre Daten?<\/p>\n<p>Ein Teil der Daten wird erhoben, um eine fehlerfreie Bereitstellung der Website zu gew\u00e4hrleisten. Andere&nbsp;<span style=\"word-spacing: normal;\">Daten k\u00f6nnen zur Analyse Ihres Nutzerverhaltens verwendet werden.<\/span><\/p>\n<p>Welche Rechte haben Sie bez\u00fcglich Ihrer Daten?<\/p>\n<p>Sie haben jederzeit das Recht unentgeltlich Auskunft \u00fcber Herkunft, Empf\u00e4nger und Zweck Ihrer&nbsp;<span style=\"word-spacing: normal;\">gespeicherten personenbezogenen Daten zu erhalten. Sie haben au\u00dferdem ein Recht, die Berichtigung oder&nbsp;<\/span><span style=\"word-spacing: normal;\">L\u00f6schung dieser Daten zu verlangen. Hierzu sowie zu weiteren Fragen zum Thema Datenschutz k\u00f6nnen Sie&nbsp;<\/span><span style=\"word-spacing: normal;\">sich jederzeit unter der im Impressum angegebenen Adresse an uns wenden. Des Weiteren steht Ihnen ein&nbsp;<\/span><span style=\"word-spacing: normal;\">Beschwerderecht bei der zust\u00e4ndigen Aufsichtsbeh\u00f6rde zu.&nbsp;<\/span><span style=\"word-spacing: normal;\">Au\u00dferdem haben Sie das Recht, unter bestimmten Umst\u00e4nden die Einschr\u00e4nkung der Verarbeitung Ihrer&nbsp;<\/span><span style=\"word-spacing: normal;\">personenbezogenen Daten zu verlangen. Details hierzu entnehmen Sie der Datenschutzerkl\u00e4rung unter&nbsp;<\/span><span style=\"word-spacing: normal;\">\u201eRecht auf Einschr\u00e4nkung der Verarbeitung\u201c.<\/span><\/p>\n<h4>2. Hosting<\/h4>\n<p><b>Externes Hosting<\/b><\/p>\n<p>Diese Website wird bei einem externen Dienstleister gehostet (Hoster). Personenbezogenen Daten, die auf&nbsp;<span style=\"word-spacing: normal;\">dieser Website erfasst werden, werden auf den Servern des Hosters gespeichert. Hierbei kann es sich v. a.&nbsp;<\/span><span style=\"word-spacing: normal;\">um IP-Adressen, Kontaktanfragen, Meta- und Kommunikationsdaten, Vertragsdaten, Kontaktdaten, Namen,&nbsp;<\/span><span style=\"word-spacing: normal;\">Webseitenzugriffe und sonstige Daten, die \u00fcber eine Website generiert werden, handeln.<br><\/span><span style=\"word-spacing: normal;\">Der Einsatz des Hosters erfolgt zum Zwecke der Vertragserf\u00fcllung gegen\u00fcber unseren potenziellen und&nbsp;<\/span><span style=\"word-spacing: normal;\">bestehenden Kunden (Art. 6 Abs. 1 lit. b DSGVO) und im Interesse einer sicheren, schnellen und effizienten&nbsp;<\/span><span style=\"word-spacing: normal;\">Bereitstellung unseres Online-Angebots durch einen professionellen Anbieter (Art. 6 Abs. 1 lit. f DSGVO).<\/span><\/p>\n<p>Unser Hoster wird Ihre Daten nur insoweit verarbeiten, wie dies zur Erf\u00fcllung seiner Leistungspflichten&nbsp;<span style=\"word-spacing: normal;\">erforderlich ist und unsere Weisungen in Bezug auf diese Daten befolgen.<\/span><\/p>\n<p><b>Abschluss eines Vertrages \u00fcber Auftragsverarbeitung<\/b><\/p>\n<p>Um die datenschutzkonforme Verarbeitung zu gew\u00e4hrleisten, haben wir einen Vertrag \u00fcber&nbsp;<span style=\"word-spacing: normal;\">Auftragsverarbeitung mit unserem Hoster geschlossen.<\/span><\/p>\n<h4>3. Allgemeine Hinweise und Pflichtinformationen<\/h4>\n<p><b>Datenschutz<\/b><\/p>\n<p>Die Betreiber dieser Seiten nehmen den Schutz Ihrer pers\u00f6nlichen Daten sehr ernst. Wir behandeln Ihre&nbsp;<span style=\"word-spacing: normal;\">personenbezogenen Daten vertraulich und entsprechend der gesetzlichen Datenschutzvorschriften sowie&nbsp;<\/span><span style=\"word-spacing: normal;\">dieser Datenschutzerkl\u00e4rung.<\/span><\/p>\n<p>Wenn Sie diese Website benutzen, werden verschiedene personenbezogene Daten erhoben.<\/p>\n<p>Personenbezogene Daten sind Daten, mit denen Sie pers\u00f6nlich identifiziert werden k\u00f6nnen. Die vorliegende&nbsp;<span style=\"word-spacing: normal;\">Datenschutzerkl\u00e4rung erl\u00e4utert, welche Daten wir erheben und wof\u00fcr wir sie nutzen. Sie erl\u00e4utert auch, wie&nbsp;<\/span><span style=\"word-spacing: normal;\">und zu welchem Zweck das geschieht.<\/span><\/p>\n<p>Wir weisen darauf hin, dass die Daten\u00fcbertragung im Internet (z. B. bei der Kommunikation per E-Mail)&nbsp;<span style=\"word-spacing: normal;\">Sicherheitsl\u00fccken aufweisen kann. Ein l\u00fcckenloser Schutz der Daten vor dem Zugriff durch Dritte ist nicht&nbsp;<\/span><span style=\"word-spacing: normal;\">m\u00f6glich.<\/span><\/p>\n<p><b>Hinweis zur verantwortlichen Stelle<\/b><\/p>\n<p><span style=\"word-spacing: normal;\">Die verantwortliche Stelle f\u00fcr die Datenverarbeitung auf dieser Website ist:<\/span><br><\/p>\n<p>Uwe Johannsen<br><span style=\"word-spacing: normal;\">Gr\u00fcne Gasse 2<br><\/span><span style=\"word-spacing: normal;\">38889 Blankenburg<br><\/span><span style=\"word-spacing: normal;\">Telefon: +49 (0) 171 3734430<br><\/span><span style=\"word-spacing: normal;\">E-Mail: mail@uwe-johannsen.de<\/span><\/p>\n<p>Verantwortliche Stelle ist die nat\u00fcrliche oder juristische Person, die allein oder gemeinsam mit anderen \u00fcber&nbsp;<span style=\"word-spacing: normal;\">die Zwecke und Mittel der Verarbeitung von personenbezogenen Daten (z. B. Namen, E-Mail-Adressen o. \u00c4.)&nbsp;<\/span><span style=\"word-spacing: normal;\">entscheidet.<\/span><\/p>\n<p><b>Widerruf Ihrer Einwilligung zur Datenverarbeitung<\/b><\/p>\n<p>Viele Datenverarbeitungsvorg\u00e4nge sind nur mit Ihrer ausdr\u00fccklichen Einwilligung m\u00f6glich. Sie k\u00f6nnen eine&nbsp;<span style=\"word-spacing: normal;\">bereits erteilte Einwilligung jederzeit widerrufen. Dazu reicht eine formlose Mitteilung per E-Mail an uns.&nbsp;<\/span><span style=\"word-spacing: normal;\">Die Rechtm\u00e4\u00dfigkeit der bis zum Widerruf erfolgten Datenverarbeitung bleibt vom Widerruf unber\u00fchrt.<\/span><\/p>\n<h4>Widerspruchsrecht gegen die Datenerhebung in besonderen F\u00e4llen sowie gegen&nbsp;<span style=\"word-spacing: normal;\">Direktwerbung (Art. 21 DSGVO)<\/span><\/h4>\n<p>WENN DIE DATENVERARBEITUNG AUF GRUNDLAGE VON ART. 6 ABS. 1 LIT. E ODER F DSGVO&nbsp;<span style=\"word-spacing: normal;\">ERFOLGT, HABEN SIE JEDERZEIT DAS RECHT, AUS GR\u00dcNDEN, DIE SICH AUS IHRER BESONDEREN&nbsp;<\/span><span style=\"word-spacing: normal;\">SITUATION ERGEBEN, GEGEN DIE VERARBEITUNG IHRER PERSONENBEZOGENEN DATEN&nbsp;<\/span><span style=\"word-spacing: normal;\">WIDERSPRUCH EINZULEGEN; DIES GILT AUCH F\u00dcR EIN AUF DIESE BESTIMMUNGEN GEST\u00dcTZTES&nbsp;<\/span><span style=\"word-spacing: normal;\">PROFILING. DIE JEWEILIGE RECHTSGRUNDLAGE, AUF DENEN EINE VERARBEITUNG BERUHT,&nbsp;<\/span><span style=\"word-spacing: normal;\">ENTNEHMEN SIE DIESER DATENSCHUTZERKL\u00c4RUNG. WENN SIE WIDERSPRUCH EINLEGEN,&nbsp;<\/span><span style=\"word-spacing: normal;\">WERDEN WIR IHRE BETROFFENEN PERSONENBEZOGENEN DATEN NICHT MEHR VERARBEITEN, ES&nbsp;<\/span><span style=\"word-spacing: normal;\">SEI DENN, WIR K\u00d6NNEN ZWINGENDE SCHUTZW\u00dcRDIGE GR\u00dcNDE F\u00dcR DIE VERARBEITUNG&nbsp;<\/span><span style=\"word-spacing: normal;\">NACHWEISEN, DIE IHRE INTERESSEN, RECHTE UND FREIHEITEN \u00dcBERWIEGEN ODER DIE&nbsp;<\/span><span style=\"word-spacing: normal;\">VERARBEITUNG DIENT DER GELTENDMACHUNG, AUS\u00dcBUNG ODER VERTEIDIGUNG VON&nbsp;<\/span><span style=\"word-spacing: normal;\">RECHTSANSPR\u00dcCHEN (WIDERSPRUCH NACH ART. 21 ABS. 1 DSGVO).<\/span><\/p>\n<p>WERDEN IHRE PERSONENBEZOGENEN DATEN VERARBEITET, UM DIREKTWERBUNG ZU BETREIBEN,&nbsp;<span style=\"word-spacing: normal;\">SO HABEN SIE DAS RECHT, JEDERZEIT WIDERSPRUCH GEGEN DIE VERARBEITUNG SIE&nbsp;<\/span><span style=\"word-spacing: normal;\">BETREFFENDER PERSONENBEZOGENER DATEN ZUM ZWECKE DERARTIGER WERBUNG&nbsp;<\/span><span style=\"word-spacing: normal;\">EINZULEGEN; DIES GILT AUCH F\u00dcR DAS PROFILING, SOWEIT ES MIT SOLCHER DIREKTWERBUNG IN&nbsp;<\/span><span style=\"word-spacing: normal;\">VERBINDUNG STEHT. WENN SIE WIDERSPRECHEN, WERDEN IHRE PERSONENBEZOGENEN DATEN&nbsp;<\/span><span style=\"word-spacing: normal;\">ANSCHLIESSEND NICHT MEHR ZUM ZWECKE DER DIREKTWERBUNG VERWENDET (WIDERSPRUCH&nbsp;<\/span><span style=\"word-spacing: normal;\">NACH ART. 21 ABS. 2 DSGVO).<\/span><\/p>\n<p><b>Beschwerderecht bei der zust\u00e4ndigen Aufsichtsbeh\u00f6rde<\/b><\/p>\n<p>Im Falle von Verst\u00f6\u00dfen gegen die DSGVO steht den Betroffenen ein Beschwerderecht bei einer&nbsp;<span style=\"word-spacing: normal;\">Aufsichtsbeh\u00f6rde, insbesondere in dem Mitgliedstaat ihres gew\u00f6hnlichen Aufenthalts, ihres Arbeitsplatzes&nbsp;<\/span><span style=\"word-spacing: normal;\">oder des Orts des mutma\u00dflichen Versto\u00dfes zu. Das Beschwerderecht besteht unbeschadet anderweitiger&nbsp;<\/span><span style=\"word-spacing: normal;\">verwaltungsrechtlicher oder gerichtlicher Rechtsbehelfe.<\/span><\/p>\n<p><b>Recht auf Daten\u00fcbertragbarkeit<\/b><\/p>\n<p>Sie haben das Recht, Daten, die wir auf Grundlage Ihrer Einwilligung oder in Erf\u00fcllung eines Vertrags&nbsp;<span style=\"word-spacing: normal;\">automatisiert verarbeiten, an sich oder an einen Dritten in einem g\u00e4ngigen, maschinenlesbaren Format&nbsp;<\/span><span style=\"word-spacing: normal;\">aush\u00e4ndigen zu lassen. Sofern Sie die direkte \u00dcbertragung der Daten an einen anderen Verantwortlichen&nbsp;<\/span><span style=\"word-spacing: normal;\">verlangen, erfolgt dies nur, soweit es technisch machbar ist.<\/span><\/p>\n<p><b>SSL- bzw. TLS-Verschl\u00fcsselung<\/b><\/p>\n<p>Diese Seite nutzt aus Sicherheitsgr\u00fcnden und zum Schutz der \u00dcbertragung vertraulicher Inhalte, wie zum&nbsp;<span style=\"word-spacing: normal;\">Beispiel Bestellungen oder Anfragen, die Sie an uns als Seitenbetreiber senden, eine SSL- bzw. TLSVerschl\u00fcsselung.&nbsp;<\/span><span style=\"word-spacing: normal;\">Eine verschl\u00fcsselte Verbindung erkennen Sie daran, dass die Adresszeile des Browsers von&nbsp;<\/span><span style=\"word-spacing: normal;\">\u201ehttp:\/\/\u201c auf \u201ehttps:\/\/\u201c wechselt und an dem Schloss-Symbol in Ihrer Browserzeile.&nbsp;<\/span><span style=\"word-spacing: normal;\">Wenn die SSL- bzw. TLS-Verschl\u00fcsselung aktiviert ist, k\u00f6nnen die Daten, die Sie an uns \u00fcbermitteln, nicht&nbsp;<\/span><span style=\"word-spacing: normal;\">von Dritten mitgelesen werden.<\/span><\/p>\n<p><b>Auskunft, L\u00f6schung und Berichtigung<\/b><\/p>\n<p>Sie haben im Rahmen der geltenden gesetzlichen Bestimmungen jederzeit das Recht auf unentgeltliche&nbsp;<span style=\"word-spacing: normal;\">Auskunft \u00fcber Ihre gespeicherten personenbezogenen Daten, deren Herkunft und Empf\u00e4nger und den&nbsp;<\/span><span style=\"word-spacing: normal;\">Zweck der Datenverarbeitung und ggf. ein Recht auf Berichtigung oder L\u00f6schung dieser Daten. Hierzu sowie&nbsp;<\/span><span style=\"word-spacing: normal;\">zu weiteren Fragen zum Thema personenbezogene Daten k\u00f6nnen Sie sich jederzeit unter der im Impressum&nbsp;<\/span><span style=\"word-spacing: normal;\">angegebenen Adresse an uns wenden.<\/span><\/p>\n<p><b>Recht auf Einschr\u00e4nkung der Verarbeitung<\/b><\/p>\n<p>Sie haben das Recht, die Einschr\u00e4nkung der Verarbeitung Ihrer personenbezogenen Daten zu verlangen.&nbsp;<span style=\"word-spacing: normal;\">Hierzu k\u00f6nnen Sie sich jederzeit unter der im Impressum angegebenen Adresse an uns wenden. Das Recht&nbsp;<\/span><span style=\"word-spacing: normal;\">auf Einschr\u00e4nkung der Verarbeitung besteht in folgenden F\u00e4llen:<\/span><\/p>\n<p>Wenn Sie die Richtigkeit Ihrer bei uns gespeicherten personenbezogenen Daten bestreiten, ben\u00f6tigen wir&nbsp;<span style=\"word-spacing: normal;\">in der Regel Zeit, um dies zu \u00fcberpr\u00fcfen. F\u00fcr die Dauer der Pr\u00fcfung haben Sie das Recht, die&nbsp;<\/span><span style=\"word-spacing: normal;\">Einschr\u00e4nkung der Verarbeitung Ihrer personenbezogenen Daten zu verlangen.&nbsp;<\/span><\/p>\n<p><span style=\"word-spacing: normal;\">Wenn die Verarbeitung Ihrer personenbezogenen Daten unrechtm\u00e4\u00dfig geschah\/geschieht, k\u00f6nnen Sie&nbsp;<\/span><span style=\"word-spacing: normal;\">statt der L\u00f6schung die Einschr\u00e4nkung der Datenverarbeitung verlangen.<\/span><\/p>\n<p>Wenn wir Ihre personenbezogenen Daten nicht mehr ben\u00f6tigen, Sie sie jedoch zur Aus\u00fcbung,&nbsp;<span style=\"word-spacing: normal;\">Verteidigung oder Geltendmachung von Rechtsanspr\u00fcchen ben\u00f6tigen, haben Sie das Recht, statt der&nbsp;<\/span><span style=\"word-spacing: normal;\">L\u00f6schung die Einschr\u00e4nkung der Verarbeitung Ihrer personenbezogenen Daten zu verlangen.<\/span><\/p>\n<p>Wenn Sie einen Widerspruch nach Art. 21 Abs. 1 DSGVO eingelegt haben, muss eine Abw\u00e4gung zwischen&nbsp;<span style=\"word-spacing: normal;\">Ihren und unseren Interessen vorgenommen werden. Solange noch nicht feststeht, wessen Interessen&nbsp;<\/span><span style=\"word-spacing: normal;\">\u00fcberwiegen, haben Sie das Recht, die Einschr\u00e4nkung der Verarbeitung Ihrer personenbezogenen Daten&nbsp;<\/span><span style=\"word-spacing: normal;\">zu verlangen.<\/span><\/p>\n<p>Wenn Sie die Verarbeitung Ihrer personenbezogenen Daten eingeschr\u00e4nkt haben, d\u00fcrfen diese Daten \u2013 von&nbsp;<span style=\"word-spacing: normal;\">ihrer Speicherung abgesehen \u2013 nur mit Ihrer Einwilligung oder zur Geltendmachung, Aus\u00fcbung oder&nbsp;<\/span><span style=\"word-spacing: normal;\">Verteidigung von Rechtsanspr\u00fcchen oder zum Schutz der Rechte einer anderen nat\u00fcrlichen oder&nbsp;<\/span><span style=\"word-spacing: normal;\">juristischen Person oder aus Gr\u00fcnden eines wichtigen \u00f6ffentlichen Interesses der Europ\u00e4ischen Union oder&nbsp;<\/span><span style=\"word-spacing: normal;\">eines Mitgliedstaats verarbeitet werden.<\/span><\/p>\n<h4>4. Datenerfassung auf dieser Website<\/h4>\n<p><b>Server-Log-Dateien<\/b><\/p>\n<p>Der Provider der Seiten erhebt und speichert automatisch Informationen in so genannten Server-Log-<span style=\"word-spacing: normal;\">Dateien, die Ihr Browser automatisch an uns \u00fcbermittelt. Dies sind:<\/span><\/p>\n<p>&#8211; Browsertyp und Browserversion<br><span style=\"word-spacing: normal;\">&#8211; verwendetes Betriebssystem<br><\/span><span style=\"word-spacing: normal;\">&#8211; Referrer URL<br><\/span><span style=\"word-spacing: normal;\">&#8211; Hostname des zugreifenden Rechners<br><\/span><span style=\"word-spacing: normal;\">&#8211; Uhrzeit der Serveranfrage<br><\/span><span style=\"word-spacing: normal;\">&#8211; IP-Adresse<\/span><\/p>\n<p>Eine Zusammenf\u00fchrung dieser Daten mit anderen Datenquellen wird nicht vorgenommen.<\/p>\n<p>Die Erfassung dieser Daten erfolgt auf Grundlage von Art. 6 Abs. 1 lit. f DSGVO. Der Websitebetreiber hat&nbsp;<span style=\"word-spacing: normal;\">ein berechtigtes Interesse an der technisch fehlerfreien Darstellung und der Optimierung seiner Website \u2013&nbsp;<\/span><span style=\"word-spacing: normal;\">hierzu m\u00fcssen die Server-Log-Files erfasst werden.<\/span><\/p>\n<p><b>Anfrage per E-Mail, Telefon oder Telefax<\/b><\/p>\n<p>Wenn Sie uns per E-Mail, Telefon oder Telefax kontaktieren, wird Ihre Anfrage inklusive aller daraus&nbsp;<span style=\"word-spacing: normal;\">hervorgehenden personenbezogenen Daten (Name, Anfrage) zum Zwecke der Bearbeitung Ihres Anliegens&nbsp;<\/span><span style=\"word-spacing: normal;\">bei uns gespeichert und verarbeitet. Diese Daten geben wir nicht ohne Ihre Einwilligung weiter.<\/span><\/p>\n<p>Die Verarbeitung dieser Daten erfolgt auf Grundlage von Art. 6 Abs. 1 lit. b DSGVO, sofern Ihre Anfrage mit&nbsp;<span style=\"word-spacing: normal;\">der Erf\u00fcllung eines Vertrags zusammenh\u00e4ngt oder zur Durchf\u00fchrung vorvertraglicher Ma\u00dfnahmen&nbsp;<\/span><span style=\"word-spacing: normal;\">erforderlich ist. In allen \u00fcbrigen F\u00e4llen beruht die Verarbeitung auf Ihrer Einwilligung (Art. 6 Abs. 1 lit. a&nbsp;<\/span><span style=\"word-spacing: normal;\">DSGVO) und\/oder auf unseren berechtigten Interessen (Art. 6 Abs. 1 lit. f DSGVO), da wir ein berechtigtes&nbsp;<\/span><span style=\"word-spacing: normal;\">Interesse an der effektiven Bearbeitung der an uns gerichteten Anfragen haben.<\/span><\/p>\n<p>Die von Ihnen an uns per Kontaktanfragen \u00fcbersandten Daten verbleiben bei uns, bis Sie uns zur L\u00f6schung&nbsp;<span style=\"word-spacing: normal;\">auffordern, Ihre Einwilligung zur Speicherung widerrufen oder der Zweck f\u00fcr die Datenspeicherung entf\u00e4llt&nbsp;<\/span><span style=\"word-spacing: normal;\">(z. B. nach abgeschlossener Bearbeitung Ihres Anliegens). Zwingende gesetzliche Bestimmungen \u2013&nbsp;<\/span><span style=\"word-spacing: normal;\">insbesondere gesetzliche Aufbewahrungsfristen \u2013 bleiben unber\u00fchrt.<\/span><\/p>\n<p>Quelle:&nbsp;<span style=\"word-spacing: normal;\">https:\/\/www.e-recht24.de\/muster-datenschutzerklaerung.htm<\/span><\/p>\t\t\t\t\t\t\t\t<\/div>\n\t\t\t\t<\/div>\n\t\t\t\t\t<\/div>\n\t\t<\/div>\n\t\t\t\t\t<\/div>\n\t\t<\/section>\n\t\t\t\t<\/div>\n\t\t","protected":false},"excerpt":{"rendered":"<p>datenschutz willkommen bei den datenschutzbestimmungen, die uns per DSGVO von der EU-diktatur aufgezwungen werden, und in unserem land so viel arbeitszeit, geld und produktivit\u00e4t vernichten, wie kaum eine andere bisherige EU-bestimmung. danke liebes zentralkomitee in br\u00fcssel. ich gehe davon aus, dass gesunde, klar denkende menschen, sich kaum auf diesen bereich der website verirren, sondern vorwiegend parasit\u00e4re abmahnanw\u00e4lte und vereine, sowie mitarbeiter von aufsichtsbeh\u00f6rden, die von unseren steuergeldern leben und uns vorschreiben, was wir zu tun und zu lassen haben. &nbsp; sollten sie nicht zur oben genannten gruppe geh\u00f6ren und trotzdem bis hierhin weitergelesen haben, hier die wesentlichen infos: nach bestem wissen und gewissen hab ich die website so erstellt, dass von besuchern der website keine pers\u00f6nlichen daten erhoben werden (ausser den unvermeidlichen server-log-dateien, damit sie die seite aufrufen k\u00f6nnen). ich verwende keine tracking- oder analysetools, keine kontaktformulare, keine dauerhaften cookies, keine dienstleistungen von google u.\u00e4., auch keine google fonts, keine&hellip;<\/p>\n<p> <a class=\"more-link\" href=\"https:\/\/www.uwe-johannsen.de\/wp1\/datenschutz\/\">Weiterlesen<\/a><\/p>\n","protected":false},"author":1,"featured_media":0,"parent":0,"menu_order":0,"comment_status":"closed","ping_status":"closed","template":"","meta":{"footnotes":""},"class_list":["post-482","page","type-page","status-publish"],"_links":{"self":[{"href":"https:\/\/www.uwe-johannsen.de\/wp1\/wp-json\/wp\/v2\/pages\/482","targetHints":{"allow":["GET"]}}],"collection":[{"href":"https:\/\/www.uwe-johannsen.de\/wp1\/wp-json\/wp\/v2\/pages"}],"about":[{"href":"https:\/\/www.uwe-johannsen.de\/wp1\/wp-json\/wp\/v2\/types\/page"}],"author":[{"embeddable":true,"href":"https:\/\/www.uwe-johannsen.de\/wp1\/wp-json\/wp\/v2\/users\/1"}],"replies":[{"embeddable":true,"href":"https:\/\/www.uwe-johannsen.de\/wp1\/wp-json\/wp\/v2\/comments?post=482"}],"version-history":[{"count":8,"href":"https:\/\/www.uwe-johannsen.de\/wp1\/wp-json\/wp\/v2\/pages\/482\/revisions"}],"predecessor-version":[{"id":584,"href":"https:\/\/www.uwe-johannsen.de\/wp1\/wp-json\/wp\/v2\/pages\/482\/revisions\/584"}],"wp:attachment":[{"href":"https:\/\/www.uwe-johannsen.de\/wp1\/wp-json\/wp\/v2\/media?parent=482"}],"curies":[{"name":"wp","href":"https:\/\/api.w.org\/{rel}","templated":true}]}}